{"id":2,"date":"2022-02-25T17:32:39","date_gmt":"2022-02-25T17:32:39","guid":{"rendered":"http:\/\/larbomabrigo.org\/wfe\/?page_id=2"},"modified":"2022-03-10T13:24:13","modified_gmt":"2022-03-10T13:24:13","slug":"depoimentos","status":"publish","type":"page","link":"https:\/\/larbomabrigo.org\/wfe\/depoimentos\/","title":{"rendered":"DEPOIMENTOS"},"content":{"rendered":"<ul class=\"wp-block-latest-posts__list is-grid columns-3 wp-block-latest-posts\"><li><div class=\"wp-block-latest-posts__featured-image aligncenter\"><a href=\"https:\/\/larbomabrigo.org\/wfe\/sobre-a-manu-barbo\/\" aria-label=\"Sobre a Manu Barbo\"><img loading=\"lazy\" decoding=\"async\" width=\"300\" height=\"300\" src=\"https:\/\/larbomabrigo.org\/wfe\/wp-content\/uploads\/2022\/03\/barbo-e1776273682457-300x300.jpg\" class=\"attachment-thumbnail size-thumbnail wp-post-image\" alt=\"\" style=\"\" srcset=\"https:\/\/larbomabrigo.org\/wfe\/wp-content\/uploads\/2022\/03\/barbo-e1776273682457-300x300.jpg 300w, https:\/\/larbomabrigo.org\/wfe\/wp-content\/uploads\/2022\/03\/barbo-e1776273682457-150x150.jpg 150w\" sizes=\"auto, (max-width: 300px) 100vw, 300px\" \/><\/a><\/div><a class=\"wp-block-latest-posts__post-title\" href=\"https:\/\/larbomabrigo.org\/wfe\/sobre-a-manu-barbo\/\">Sobre a Manu Barbo<\/a><div class=\"wp-block-latest-posts__post-excerpt\">Ol\u00e1, esta \u00e9 minha Fam\u00edlia!Hoje vivo bem e feliz, passei os melhores 3 anos de minha vida no Lar\u2026 <a class=\"wp-block-latest-posts__read-more\" href=\"https:\/\/larbomabrigo.org\/wfe\/sobre-a-manu-barbo\/\" rel=\"noopener noreferrer\">Leia mais<span class=\"screen-reader-text\">: Sobre a Manu Barbo<\/span><\/a><\/div><\/li>\n<li><div class=\"wp-block-latest-posts__featured-image aligncenter\"><a href=\"https:\/\/larbomabrigo.org\/wfe\/vania-rieger\/\" aria-label=\"V\u00e2nia Rieger\"><img loading=\"lazy\" decoding=\"async\" width=\"300\" height=\"300\" src=\"https:\/\/larbomabrigo.org\/wfe\/wp-content\/uploads\/2022\/03\/vania-300x300.jpg\" class=\"attachment-thumbnail size-thumbnail wp-post-image\" alt=\"\" style=\"\" srcset=\"https:\/\/larbomabrigo.org\/wfe\/wp-content\/uploads\/2022\/03\/vania-300x300.jpg 300w, https:\/\/larbomabrigo.org\/wfe\/wp-content\/uploads\/2022\/03\/vania-150x150.jpg 150w, https:\/\/larbomabrigo.org\/wfe\/wp-content\/uploads\/2022\/03\/vania.jpg 720w\" sizes=\"auto, (max-width: 300px) 100vw, 300px\" \/><\/a><\/div><a class=\"wp-block-latest-posts__post-title\" href=\"https:\/\/larbomabrigo.org\/wfe\/vania-rieger\/\">V\u00e2nia Rieger<\/a><div class=\"wp-block-latest-posts__post-excerpt\">O que posso dizer sobre o Lar?Eu morei no Lar por 6 anos e se tem uma coisa q\u2026 <a class=\"wp-block-latest-posts__read-more\" href=\"https:\/\/larbomabrigo.org\/wfe\/vania-rieger\/\" rel=\"noopener noreferrer\">Leia mais<span class=\"screen-reader-text\">: V\u00e2nia Rieger<\/span><\/a><\/div><\/li>\n<li><div class=\"wp-block-latest-posts__featured-image aligncenter\"><a href=\"https:\/\/larbomabrigo.org\/wfe\/lara-lis-meireles\/\" aria-label=\"Lara Lis Meireles\"><img loading=\"lazy\" decoding=\"async\" width=\"237\" height=\"300\" src=\"https:\/\/larbomabrigo.org\/wfe\/wp-content\/uploads\/2022\/03\/lARA-237x300.jpg\" class=\"attachment-thumbnail size-thumbnail wp-post-image\" alt=\"\" style=\"\" \/><\/a><\/div><a class=\"wp-block-latest-posts__post-title\" href=\"https:\/\/larbomabrigo.org\/wfe\/lara-lis-meireles\/\">Lara Lis Meireles<\/a><div class=\"wp-block-latest-posts__post-excerpt\">O lar bom abrigo foi minha casa, agrade\u00e7o a cada pessoa que por l\u00e1 passou e fez parte de\u2026 <a class=\"wp-block-latest-posts__read-more\" href=\"https:\/\/larbomabrigo.org\/wfe\/lara-lis-meireles\/\" rel=\"noopener noreferrer\">Leia mais<span class=\"screen-reader-text\">: Lara Lis Meireles<\/span><\/a><\/div><\/li>\n<li><div class=\"wp-block-latest-posts__featured-image aligncenter\"><a href=\"https:\/\/larbomabrigo.org\/wfe\/joice-marostega\/\" aria-label=\"Joice Marostega\"><img loading=\"lazy\" decoding=\"async\" width=\"300\" height=\"300\" src=\"https:\/\/larbomabrigo.org\/wfe\/wp-content\/uploads\/2022\/03\/joice-300x300.jpg\" class=\"attachment-thumbnail size-thumbnail wp-post-image\" alt=\"\" style=\"\" srcset=\"https:\/\/larbomabrigo.org\/wfe\/wp-content\/uploads\/2022\/03\/joice-300x300.jpg 300w, https:\/\/larbomabrigo.org\/wfe\/wp-content\/uploads\/2022\/03\/joice-768x768.jpg 768w, https:\/\/larbomabrigo.org\/wfe\/wp-content\/uploads\/2022\/03\/joice-150x150.jpg 150w, https:\/\/larbomabrigo.org\/wfe\/wp-content\/uploads\/2022\/03\/joice.jpg 960w\" sizes=\"auto, (max-width: 300px) 100vw, 300px\" \/><\/a><\/div><a class=\"wp-block-latest-posts__post-title\" href=\"https:\/\/larbomabrigo.org\/wfe\/joice-marostega\/\">Joice Marostega<\/a><div class=\"wp-block-latest-posts__post-excerpt\">\u00c9 f\u00e1cil escrever palavras bonitas, mas, palavras que resumem 6 anos de vida e de experi\u00eancia, precisam ser bem\u2026 <a class=\"wp-block-latest-posts__read-more\" href=\"https:\/\/larbomabrigo.org\/wfe\/joice-marostega\/\" rel=\"noopener noreferrer\">Leia mais<span class=\"screen-reader-text\">: Joice Marostega<\/span><\/a><\/div><\/li>\n<li><div class=\"wp-block-latest-posts__featured-image aligncenter\"><a href=\"https:\/\/larbomabrigo.org\/wfe\/graciele-marostega\/\" aria-label=\"Graciele Marostega\"><img loading=\"lazy\" decoding=\"async\" width=\"300\" height=\"300\" src=\"https:\/\/larbomabrigo.org\/wfe\/wp-content\/uploads\/2022\/03\/graci-300x300.jpg\" class=\"attachment-thumbnail size-thumbnail wp-post-image\" alt=\"\" style=\"\" srcset=\"https:\/\/larbomabrigo.org\/wfe\/wp-content\/uploads\/2022\/03\/graci-300x300.jpg 300w, https:\/\/larbomabrigo.org\/wfe\/wp-content\/uploads\/2022\/03\/graci-150x150.jpg 150w\" sizes=\"auto, (max-width: 300px) 100vw, 300px\" \/><\/a><\/div><a class=\"wp-block-latest-posts__post-title\" href=\"https:\/\/larbomabrigo.org\/wfe\/graciele-marostega\/\">Graciele Marostega<\/a><div class=\"wp-block-latest-posts__post-excerpt\">Deixo aqui um pouco da minha experi\u00eancia e hist\u00f3ria no Lar Bom Abrigo!Eu fiquei 4 anos no Lar. Foi\u2026 <a class=\"wp-block-latest-posts__read-more\" href=\"https:\/\/larbomabrigo.org\/wfe\/graciele-marostega\/\" rel=\"noopener noreferrer\">Leia mais<span class=\"screen-reader-text\">: Graciele Marostega<\/span><\/a><\/div><\/li>\n<li><div class=\"wp-block-latest-posts__featured-image aligncenter\"><a href=\"https:\/\/larbomabrigo.org\/wfe\/geisy-rosa\/\" aria-label=\"Geisy Rosa\"><img loading=\"lazy\" decoding=\"async\" width=\"300\" height=\"300\" src=\"https:\/\/larbomabrigo.org\/wfe\/wp-content\/uploads\/2022\/03\/rosaa-300x300.jpg\" class=\"attachment-thumbnail size-thumbnail wp-post-image\" alt=\"\" style=\"\" srcset=\"https:\/\/larbomabrigo.org\/wfe\/wp-content\/uploads\/2022\/03\/rosaa-300x300.jpg 300w, https:\/\/larbomabrigo.org\/wfe\/wp-content\/uploads\/2022\/03\/rosaa-150x150.jpg 150w\" sizes=\"auto, (max-width: 300px) 100vw, 300px\" \/><\/a><\/div><a class=\"wp-block-latest-posts__post-title\" href=\"https:\/\/larbomabrigo.org\/wfe\/geisy-rosa\/\">Geisy Rosa<\/a><div class=\"wp-block-latest-posts__post-excerpt\">Vou falar um pouco sobre a \u00e9poca que morei no Lar Bom Abrigo, foram muitos anos. Eu era uma\u2026 <a class=\"wp-block-latest-posts__read-more\" href=\"https:\/\/larbomabrigo.org\/wfe\/geisy-rosa\/\" rel=\"noopener noreferrer\">Leia mais<span class=\"screen-reader-text\">: Geisy Rosa<\/span><\/a><\/div><\/li>\n<li><a class=\"wp-block-latest-posts__post-title\" href=\"https:\/\/larbomabrigo.org\/wfe\/adocao-um-amor-sem-limites\/\">Casal Denize e El\u00f3i relatam como foi sua experi\u00eancia de Ado\u00e7\u00e3o.<\/a><div class=\"wp-block-latest-posts__post-excerpt\">Ado\u00e7\u00e3o, um Amor sem Limites &#8220;Apesar de j\u00e1 conhecer o Lar Bom Abrigo, meu primeiro contato direto com o\u2026 <a class=\"wp-block-latest-posts__read-more\" href=\"https:\/\/larbomabrigo.org\/wfe\/adocao-um-amor-sem-limites\/\" rel=\"noopener noreferrer\">Leia mais<span class=\"screen-reader-text\">: Casal Denize e El\u00f3i relatam como foi sua experi\u00eancia de Ado\u00e7\u00e3o.<\/span><\/a><\/div><\/li>\n<\/ul>","protected":false},"excerpt":{"rendered":"","protected":false},"author":1,"featured_media":0,"parent":0,"menu_order":0,"comment_status":"closed","ping_status":"open","template":"","meta":{"footnotes":""},"class_list":["post-2","page","type-page","status-publish","hentry"],"rttpg_featured_image_url":null,"rttpg_author":{"display_name":"larbom","author_link":"https:\/\/larbomabrigo.org\/wfe\/author\/larbom\/"},"rttpg_comment":0,"rttpg_category":null,"rttpg_excerpt":null,"_links":{"self":[{"href":"https:\/\/larbomabrigo.org\/wfe\/wp-json\/wp\/v2\/pages\/2","targetHints":{"allow":["GET"]}}],"collection":[{"href":"https:\/\/larbomabrigo.org\/wfe\/wp-json\/wp\/v2\/pages"}],"about":[{"href":"https:\/\/larbomabrigo.org\/wfe\/wp-json\/wp\/v2\/types\/page"}],"author":[{"embeddable":true,"href":"https:\/\/larbomabrigo.org\/wfe\/wp-json\/wp\/v2\/users\/1"}],"replies":[{"embeddable":true,"href":"https:\/\/larbomabrigo.org\/wfe\/wp-json\/wp\/v2\/comments?post=2"}],"version-history":[{"count":4,"href":"https:\/\/larbomabrigo.org\/wfe\/wp-json\/wp\/v2\/pages\/2\/revisions"}],"predecessor-version":[{"id":291,"href":"https:\/\/larbomabrigo.org\/wfe\/wp-json\/wp\/v2\/pages\/2\/revisions\/291"}],"wp:attachment":[{"href":"https:\/\/larbomabrigo.org\/wfe\/wp-json\/wp\/v2\/media?parent=2"}],"curies":[{"name":"wp","href":"https:\/\/api.w.org\/{rel}","templated":true}]}}